{"id":39,"date":"2017-07-31T08:50:41","date_gmt":"2017-07-31T08:50:41","guid":{"rendered":"https:\/\/massa.ind.br\/car-tips-list\/"},"modified":"2020-03-31T16:33:37","modified_gmt":"2020-03-31T19:33:37","slug":"blog","status":"publish","type":"page","link":"https:\/\/massa.ind.br\/en\/blog\/","title":{"rendered":"Blog"},"content":{"rendered":"<div id=\"tm-row-69efd534153f5\" class=\"vc_row vc_row-outer vc_row-fluid\"><div id=\"tm-column-69efd53415652\" class=\"wpb_column vc_column_container vc_col-sm-12\"><div class=\"vc_column-inner\"><div class=\"wpb_wrapper\">\n\t<div class=\"tm-grid-wrapper tm-blog  style-3\" id=\"tm-blog-69efd53417348\"\n\t\t\t\t\tdata-pagination=\"pagination\"\n\t\t\t\t\t\t\tdata-type=\"masonry\"\n\t\t\t data-xs-columns=\"1\" data-sm-columns=\"2\" data-lg-columns=\"3\"\t\t\t\t\t\t\tdata-grid-fitrows=\"true\"\n\t\t\tdata-match-height=\"true\"\n\t\t\t\t\t\t\tdata-gutter=\"30\"\n\t\t\t>\n\t\t\n\t\t<input type=\"hidden\" class=\"tm-grid-query\" value=\"{&quot;post_type&quot;:&quot;post&quot;,&quot;posts_per_page&quot;:&quot;6&quot;,&quot;orderby&quot;:&quot;date&quot;,&quot;order&quot;:&quot;DESC&quot;,&quot;paged&quot;:1,&quot;post_status&quot;:&quot;publish&quot;,&quot;post__not_in&quot;:[],&quot;max_num_pages&quot;:27,&quot;found_posts&quot;:159,&quot;style&quot;:&quot;3&quot;,&quot;thumbnail_size&quot;:&quot;insight-grid-classic&quot;,&quot;pagination&quot;:&quot;pagination&quot;,&quot;count&quot;:6,&quot;taxonomies&quot;:&quot;&quot;}\"\/>\n\n\t\t\n\t\t\t\t<div class=\"tm-grid has-animation move-up\"\n\t\t\t\t\t\t\t\t\t\t\tdata-animation=\"true\"\n\t\t\t\t\t\t\t\t\t\t\t\t\t\t\t\tdata-grid-has-gallery=\"true\"\n\t\t\t\t\t\t\t\t\t>\n\t\t\t\t\t\t\t\t\t\t\t<div class=\"grid-sizer\"><\/div>\n\t\t\t\t\t\t\t\t\t\t\t\t\t\t\t\t\t\t\t\t\t\t\t<div class=\"post-item grid-item post-4744 post type-post status-publish format-standard has-post-thumbnail hentry category-setor-ferroviario\">\n\t\t\t\t\t\t\t\t\t<div class=\"post-thumbnail\">\n\t\t<a href=\"https:\/\/massa.ind.br\/en\/tecnologia-embarcada\/\"\n\t\t   title=\"A tecnologia embarcada e suas aplica\u00e7\u00f5es nas inova\u00e7\u00f5es ferrovi\u00e1rias\">\n\t\t\t<img loading=\"lazy\" decoding=\"async\" width=\"370\" height=\"250\" src=\"https:\/\/massa.ind.br\/wp-content\/uploads\/2022\/07\/tecnologia-embarcada-370x250.jpg\" class=\"attachment-insight-blog-classic-preview-image size-insight-blog-classic-preview-image wp-post-image\" alt=\"tecnologia embarcada\" srcset=\"https:\/\/massa.ind.br\/wp-content\/uploads\/2022\/07\/tecnologia-embarcada-370x250.jpg 370w, https:\/\/massa.ind.br\/wp-content\/uploads\/2022\/07\/tecnologia-embarcada-500x338.jpg 500w, https:\/\/massa.ind.br\/wp-content\/uploads\/2022\/07\/tecnologia-embarcada-570x385.jpg 570w\" sizes=\"auto, (max-width: 370px) 100vw, 370px\" \/>\t\t<\/a>\n\t<\/div>\n\t\t\t\t\t\t\t\t<div class=\"post-info\">\n\t\t\t\t\t\t\t\t\t\t\t\t\t\t\t\t\t\t\t<div class=\"post-categories\"><a href=\"https:\/\/massa.ind.br\/en\/category\/setor-ferroviario\/\" rel=\"category tag\">Setor Ferrovi\u00e1rio<\/a><\/div>\n\t\t\t\t\t\t\t\t\t\t\t\t\t\t\t\t\t\t<h5 class=\"post-title\">\n\t\t\t\t\t\t\t\t\t\t<a href=\"https:\/\/massa.ind.br\/en\/tecnologia-embarcada\/\"\n\t\t\t\t\t\t\t\t\t\t   title=\"A tecnologia embarcada e suas aplica\u00e7\u00f5es nas inova\u00e7\u00f5es ferrovi\u00e1rias\">A tecnologia embarcada e suas aplica\u00e7\u00f5es nas inova\u00e7\u00f5es ferrovi\u00e1rias<\/a>\n\t\t\t\t\t\t\t\t\t<\/h5>\n\t\t\t\t\t\t\t\t<\/div>\n\t\t\t\t\t\t\t\t<div class=\"post-meta\">\n\t\t\t\t\t\t\t\t\t<div class=\"inner\">\n\t\t\t\t\t\t\t\t\t\t<div class=\"post-date\">August 10, 2022<\/div>\n\t\t\t\t\t\t\t\t\t\t<div\n\t\t\t\t\t\t\t\t\t\t\tclass=\"comment-number\">0 Comment<\/div>\n\t\t\t\t\t\t\t\t\t<\/div>\n\t\t\t\t\t\t\t\t<\/div>\n\t\t\t\t\t\t\t<\/div>\n\t\t\t\t\t\t\t\t\t\t\t\t\t<div class=\"post-item grid-item post-4758 post type-post status-publish format-standard has-post-thumbnail hentry category-malha-ferroviaria\">\n\t\t\t\t\t\t\t\t\t<div class=\"post-thumbnail\">\n\t\t<a href=\"https:\/\/massa.ind.br\/en\/estacoes-ferroviarias-da-mogiana\/\"\n\t\t   title=\"Conhe\u00e7a mais sobre as esta\u00e7\u00f5es ferrovi\u00e1rias da Mogiana\">\n\t\t\t<img loading=\"lazy\" decoding=\"async\" width=\"370\" height=\"250\" src=\"https:\/\/massa.ind.br\/wp-content\/uploads\/2022\/07\/companhia-ferrovi\u00e1ria-da-mogiana-370x250.jpg\" class=\"attachment-insight-blog-classic-preview-image size-insight-blog-classic-preview-image wp-post-image\" alt=\"companhia ferrovi\u00e1ria da mogiana\" srcset=\"https:\/\/massa.ind.br\/wp-content\/uploads\/2022\/07\/companhia-ferrovi\u00e1ria-da-mogiana-370x250.jpg 370w, https:\/\/massa.ind.br\/wp-content\/uploads\/2022\/07\/companhia-ferrovi\u00e1ria-da-mogiana-500x338.jpg 500w, https:\/\/massa.ind.br\/wp-content\/uploads\/2022\/07\/companhia-ferrovi\u00e1ria-da-mogiana-570x385.jpg 570w\" sizes=\"auto, (max-width: 370px) 100vw, 370px\" \/>\t\t<\/a>\n\t<\/div>\n\t\t\t\t\t\t\t\t<div class=\"post-info\">\n\t\t\t\t\t\t\t\t\t\t\t\t\t\t\t\t\t\t\t<div class=\"post-categories\"><a href=\"https:\/\/massa.ind.br\/en\/category\/malha-ferroviaria\/\" rel=\"category tag\">Rail network<\/a><\/div>\n\t\t\t\t\t\t\t\t\t\t\t\t\t\t\t\t\t\t<h5 class=\"post-title\">\n\t\t\t\t\t\t\t\t\t\t<a href=\"https:\/\/massa.ind.br\/en\/estacoes-ferroviarias-da-mogiana\/\"\n\t\t\t\t\t\t\t\t\t\t   title=\"Conhe\u00e7a mais sobre as esta\u00e7\u00f5es ferrovi\u00e1rias da Mogiana\">Conhe\u00e7a mais sobre as esta\u00e7\u00f5es ferrovi\u00e1rias da Mogiana<\/a>\n\t\t\t\t\t\t\t\t\t<\/h5>\n\t\t\t\t\t\t\t\t<\/div>\n\t\t\t\t\t\t\t\t<div class=\"post-meta\">\n\t\t\t\t\t\t\t\t\t<div class=\"inner\">\n\t\t\t\t\t\t\t\t\t\t<div class=\"post-date\">August 08, 2022<\/div>\n\t\t\t\t\t\t\t\t\t\t<div\n\t\t\t\t\t\t\t\t\t\t\tclass=\"comment-number\">0 Comment<\/div>\n\t\t\t\t\t\t\t\t\t<\/div>\n\t\t\t\t\t\t\t\t<\/div>\n\t\t\t\t\t\t\t<\/div>\n\t\t\t\t\t\t\t\t\t\t\t\t\t<div class=\"post-item grid-item post-4775 post type-post status-publish format-standard has-post-thumbnail hentry category-ferrovias\">\n\t\t\t\t\t\t\t\t\t<div class=\"post-thumbnail\">\n\t\t<a href=\"https:\/\/massa.ind.br\/en\/gerenciamento-de-risco-no-transporte-de-cargas\/\"\n\t\t   title=\"Gerenciamento de risco no transporte de cargas: medidas necess\u00e1rias para aumentar a seguran\u00e7a\">\n\t\t\t<img loading=\"lazy\" decoding=\"async\" width=\"370\" height=\"250\" src=\"https:\/\/massa.ind.br\/wp-content\/uploads\/2022\/08\/gerenciamento-de-risco-no-transporte-de-cargas-pesadas-370x250.jpg\" class=\"attachment-insight-blog-classic-preview-image size-insight-blog-classic-preview-image wp-post-image\" alt=\"gerenciamento de risco no transporte de cargas pesadas\" srcset=\"https:\/\/massa.ind.br\/wp-content\/uploads\/2022\/08\/gerenciamento-de-risco-no-transporte-de-cargas-pesadas-370x250.jpg 370w, https:\/\/massa.ind.br\/wp-content\/uploads\/2022\/08\/gerenciamento-de-risco-no-transporte-de-cargas-pesadas-500x338.jpg 500w, https:\/\/massa.ind.br\/wp-content\/uploads\/2022\/08\/gerenciamento-de-risco-no-transporte-de-cargas-pesadas-570x385.jpg 570w\" sizes=\"auto, (max-width: 370px) 100vw, 370px\" \/>\t\t<\/a>\n\t<\/div>\n\t\t\t\t\t\t\t\t<div class=\"post-info\">\n\t\t\t\t\t\t\t\t\t\t\t\t\t\t\t\t\t\t\t<div class=\"post-categories\"><a href=\"https:\/\/massa.ind.br\/en\/category\/ferrovias\/\" rel=\"category tag\">Railroads<\/a><\/div>\n\t\t\t\t\t\t\t\t\t\t\t\t\t\t\t\t\t\t<h5 class=\"post-title\">\n\t\t\t\t\t\t\t\t\t\t<a href=\"https:\/\/massa.ind.br\/en\/gerenciamento-de-risco-no-transporte-de-cargas\/\"\n\t\t\t\t\t\t\t\t\t\t   title=\"Gerenciamento de risco no transporte de cargas: medidas necess\u00e1rias para aumentar a seguran\u00e7a\">Gerenciamento de risco no transporte de cargas: medidas necess\u00e1rias para aumentar a seguran\u00e7a<\/a>\n\t\t\t\t\t\t\t\t\t<\/h5>\n\t\t\t\t\t\t\t\t<\/div>\n\t\t\t\t\t\t\t\t<div class=\"post-meta\">\n\t\t\t\t\t\t\t\t\t<div class=\"inner\">\n\t\t\t\t\t\t\t\t\t\t<div class=\"post-date\">August 07, 2022<\/div>\n\t\t\t\t\t\t\t\t\t\t<div\n\t\t\t\t\t\t\t\t\t\t\tclass=\"comment-number\">0 Comment<\/div>\n\t\t\t\t\t\t\t\t\t<\/div>\n\t\t\t\t\t\t\t\t<\/div>\n\t\t\t\t\t\t\t<\/div>\n\t\t\t\t\t\t\t\t\t\t\t\t\t<div class=\"post-item grid-item post-4765 post type-post status-publish format-standard has-post-thumbnail hentry category-logistica\">\n\t\t\t\t\t\t\t\t\t<div class=\"post-thumbnail\">\n\t\t<a href=\"https:\/\/massa.ind.br\/en\/transporte-de-aco\/\"\n\t\t   title=\"Entenda como \u00e9 feito o transporte de a\u00e7o pelas ferrovias\">\n\t\t\t<img loading=\"lazy\" decoding=\"async\" width=\"370\" height=\"250\" src=\"https:\/\/massa.ind.br\/wp-content\/uploads\/2022\/07\/produ\u00e7\u00e3o-de-a\u00e7o-370x250.jpg\" class=\"attachment-insight-blog-classic-preview-image size-insight-blog-classic-preview-image wp-post-image\" alt=\"produ\u00e7\u00e3o de a\u00e7o\" srcset=\"https:\/\/massa.ind.br\/wp-content\/uploads\/2022\/07\/produ\u00e7\u00e3o-de-a\u00e7o-370x250.jpg 370w, https:\/\/massa.ind.br\/wp-content\/uploads\/2022\/07\/produ\u00e7\u00e3o-de-a\u00e7o-500x338.jpg 500w, https:\/\/massa.ind.br\/wp-content\/uploads\/2022\/07\/produ\u00e7\u00e3o-de-a\u00e7o-570x385.jpg 570w\" sizes=\"auto, (max-width: 370px) 100vw, 370px\" \/>\t\t<\/a>\n\t<\/div>\n\t\t\t\t\t\t\t\t<div class=\"post-info\">\n\t\t\t\t\t\t\t\t\t\t\t\t\t\t\t\t\t\t\t<div class=\"post-categories\"><a href=\"https:\/\/massa.ind.br\/en\/category\/logistica\/\" rel=\"category tag\">Logistics<\/a><\/div>\n\t\t\t\t\t\t\t\t\t\t\t\t\t\t\t\t\t\t<h5 class=\"post-title\">\n\t\t\t\t\t\t\t\t\t\t<a href=\"https:\/\/massa.ind.br\/en\/transporte-de-aco\/\"\n\t\t\t\t\t\t\t\t\t\t   title=\"Entenda como \u00e9 feito o transporte de a\u00e7o pelas ferrovias\">Entenda como \u00e9 feito o transporte de a\u00e7o pelas ferrovias<\/a>\n\t\t\t\t\t\t\t\t\t<\/h5>\n\t\t\t\t\t\t\t\t<\/div>\n\t\t\t\t\t\t\t\t<div class=\"post-meta\">\n\t\t\t\t\t\t\t\t\t<div class=\"inner\">\n\t\t\t\t\t\t\t\t\t\t<div class=\"post-date\">August 05, 2022<\/div>\n\t\t\t\t\t\t\t\t\t\t<div\n\t\t\t\t\t\t\t\t\t\t\tclass=\"comment-number\">0 Comment<\/div>\n\t\t\t\t\t\t\t\t\t<\/div>\n\t\t\t\t\t\t\t\t<\/div>\n\t\t\t\t\t\t\t<\/div>\n\t\t\t\t\t\t\t\t\t\t\t\t\t<div class=\"post-item grid-item post-4808 post type-post status-publish format-standard has-post-thumbnail hentry category-logistica\">\n\t\t\t\t\t\t\t\t\t<div class=\"post-thumbnail\">\n\t\t<a href=\"https:\/\/massa.ind.br\/en\/transporte-de-toras-de-madeira\/\"\n\t\t   title=\"Transporte de toras de madeira: cuidados essenciais no transporte pelas ferrovias\">\n\t\t\t<img loading=\"lazy\" decoding=\"async\" width=\"370\" height=\"250\" src=\"https:\/\/massa.ind.br\/wp-content\/uploads\/2022\/08\/transporte-de-toras-de-madeira-pelas-ferrovias-370x250.jpg\" class=\"attachment-insight-blog-classic-preview-image size-insight-blog-classic-preview-image wp-post-image\" alt=\"transporte de toras de madeira pelas ferrovias\" srcset=\"https:\/\/massa.ind.br\/wp-content\/uploads\/2022\/08\/transporte-de-toras-de-madeira-pelas-ferrovias-370x250.jpg 370w, https:\/\/massa.ind.br\/wp-content\/uploads\/2022\/08\/transporte-de-toras-de-madeira-pelas-ferrovias-500x338.jpg 500w, https:\/\/massa.ind.br\/wp-content\/uploads\/2022\/08\/transporte-de-toras-de-madeira-pelas-ferrovias-570x385.jpg 570w\" sizes=\"auto, (max-width: 370px) 100vw, 370px\" \/>\t\t<\/a>\n\t<\/div>\n\t\t\t\t\t\t\t\t<div class=\"post-info\">\n\t\t\t\t\t\t\t\t\t\t\t\t\t\t\t\t\t\t\t<div class=\"post-categories\"><a href=\"https:\/\/massa.ind.br\/en\/category\/logistica\/\" rel=\"category tag\">Logistics<\/a><\/div>\n\t\t\t\t\t\t\t\t\t\t\t\t\t\t\t\t\t\t<h5 class=\"post-title\">\n\t\t\t\t\t\t\t\t\t\t<a href=\"https:\/\/massa.ind.br\/en\/transporte-de-toras-de-madeira\/\"\n\t\t\t\t\t\t\t\t\t\t   title=\"Transporte de toras de madeira: cuidados essenciais no transporte pelas ferrovias\">Transporte de toras de madeira: cuidados essenciais no transporte pelas ferrovias<\/a>\n\t\t\t\t\t\t\t\t\t<\/h5>\n\t\t\t\t\t\t\t\t<\/div>\n\t\t\t\t\t\t\t\t<div class=\"post-meta\">\n\t\t\t\t\t\t\t\t\t<div class=\"inner\">\n\t\t\t\t\t\t\t\t\t\t<div class=\"post-date\">August 04, 2022<\/div>\n\t\t\t\t\t\t\t\t\t\t<div\n\t\t\t\t\t\t\t\t\t\t\tclass=\"comment-number\">0 Comment<\/div>\n\t\t\t\t\t\t\t\t\t<\/div>\n\t\t\t\t\t\t\t\t<\/div>\n\t\t\t\t\t\t\t<\/div>\n\t\t\t\t\t\t\t\t\t\t\t\t\t<div class=\"post-item grid-item post-4785 post type-post status-publish format-standard has-post-thumbnail hentry category-ferrovias\">\n\t\t\t\t\t\t\t\t\t<div class=\"post-thumbnail\">\n\t\t<a href=\"https:\/\/massa.ind.br\/en\/mapa-ferroviario-da-europa\/\"\n\t\t   title=\"Mapa ferrovi\u00e1rio da Europa: Caracter\u00edsticas da sua distribui\u00e7\u00e3o\">\n\t\t\t<img loading=\"lazy\" decoding=\"async\" width=\"370\" height=\"250\" src=\"https:\/\/massa.ind.br\/wp-content\/uploads\/2022\/08\/mapa-ferrovi\u00e1rio-da-europa-370x250.jpg\" class=\"attachment-insight-blog-classic-preview-image size-insight-blog-classic-preview-image wp-post-image\" alt=\"mapa ferrovi\u00e1rio da europa\" srcset=\"https:\/\/massa.ind.br\/wp-content\/uploads\/2022\/08\/mapa-ferrovi\u00e1rio-da-europa-370x250.jpg 370w, https:\/\/massa.ind.br\/wp-content\/uploads\/2022\/08\/mapa-ferrovi\u00e1rio-da-europa-500x338.jpg 500w, https:\/\/massa.ind.br\/wp-content\/uploads\/2022\/08\/mapa-ferrovi\u00e1rio-da-europa-570x385.jpg 570w\" sizes=\"auto, (max-width: 370px) 100vw, 370px\" \/>\t\t<\/a>\n\t<\/div>\n\t\t\t\t\t\t\t\t<div class=\"post-info\">\n\t\t\t\t\t\t\t\t\t\t\t\t\t\t\t\t\t\t\t<div class=\"post-categories\"><a href=\"https:\/\/massa.ind.br\/en\/category\/ferrovias\/\" rel=\"category tag\">Railroads<\/a><\/div>\n\t\t\t\t\t\t\t\t\t\t\t\t\t\t\t\t\t\t<h5 class=\"post-title\">\n\t\t\t\t\t\t\t\t\t\t<a href=\"https:\/\/massa.ind.br\/en\/mapa-ferroviario-da-europa\/\"\n\t\t\t\t\t\t\t\t\t\t   title=\"Mapa ferrovi\u00e1rio da Europa: Caracter\u00edsticas da sua distribui\u00e7\u00e3o\">Mapa ferrovi\u00e1rio da Europa: Caracter\u00edsticas da sua distribui\u00e7\u00e3o<\/a>\n\t\t\t\t\t\t\t\t\t<\/h5>\n\t\t\t\t\t\t\t\t<\/div>\n\t\t\t\t\t\t\t\t<div class=\"post-meta\">\n\t\t\t\t\t\t\t\t\t<div class=\"inner\">\n\t\t\t\t\t\t\t\t\t\t<div class=\"post-date\">August 04, 2022<\/div>\n\t\t\t\t\t\t\t\t\t\t<div\n\t\t\t\t\t\t\t\t\t\t\tclass=\"comment-number\">0 Comment<\/div>\n\t\t\t\t\t\t\t\t\t<\/div>\n\t\t\t\t\t\t\t\t<\/div>\n\t\t\t\t\t\t\t<\/div>\n\t\t\t\t\t\t\t\t\t\t\t\t\t\t\t<\/div>\n\n\t\t\t\t\n\t\t\t\t\t<div class=\"tm-grid-pagination\" style=\"text-align:center\">\n\t\t\t\t\t\t\t\t\t<ul class=\"page-pagination\"><li><span aria-current=\"page\" class=\"page-numbers current\">1<\/span><\/li><li><a class=\"page-numbers\" href=\"https:\/\/massa.ind.br\/en\/wp-json\/wp\/v2\/pages\/39\/page\/2\/\">2<\/a><\/li><li><span class=\"page-numbers dots\">&hellip;<\/span><\/li><li><a class=\"page-numbers\" href=\"https:\/\/massa.ind.br\/en\/wp-json\/wp\/v2\/pages\/39\/page\/27\/\">27<\/a><\/li><li><a class=\"next page-numbers\" href=\"https:\/\/massa.ind.br\/en\/wp-json\/wp\/v2\/pages\/39\/page\/2\/\"><i class=\"fa fa-angle-double-right\"><\/i><\/a><\/li><\/ul>\t\t\t\t\t\t\t<\/div>\n\t\t\t<div class=\"tm-grid-messages\" style=\"display: none;\">\n\t\t\t\tAll items displayed.\t\t\t<\/div>\n\t\t\n\t<\/div>\n<\/div><\/div><\/div><\/div>","protected":false},"excerpt":{"rendered":"A Europa \u00e9 de longe o continente que mais investiu nas ferrovias. Tendo sua origem l\u00e1, os trens sempre foram integrados de maneira completa entre diversos pa\u00edses. A caracter\u00edstica principal do mapa ferrovi\u00e1rio da Europa consta no fato de possuir diversas vantagens, por avan\u00e7os que foram sendo acumulados conforme os anos. Tratam-se de trilhos com mais de 250 mil quil\u00f4metros de extens\u00e3o, que abarcam tanto passageiros como carga, atravessam em muitos casos todo o territ\u00f3rio nacional de um pa\u00eds, e muitas vezes conectam pa\u00edses, at\u00e9 mesmo aqueles que possuem grandes dist\u00e2ncias mar\u00edtimas entre si. O ber\u00e7o do mundo ferrovi\u00e1rio A primeira ferrovia do mundo surgiu na Inglaterra, fruto da revolu\u00e7\u00e3o industrial. Servindo de maneira a sustentar o transporte de carga que era excessivo na \u00e9poca, os trens foram tamb\u00e9m usados no transporte de pessoas. O curioso do surgimento do mapa ferrovi\u00e1rio da Europa nesse instante que nasce na Inglaterra \u00e9 o fato de como j\u00e1 naquela \u00e9poca os trens demonstravam o seu potencial futuro. Muito porque o pa\u00eds ingl\u00eas, que usava das ferrovias para transportar passageiros, min\u00e9rios e bens manufaturados, j\u00e1 usava de uma vantagem log\u00edstica importante: a conex\u00e3o entre a grande cidade e o porto. A import\u00e2ncia dessa ideia de conex\u00e3o entre o centro e o litoral atrav\u00e9s dos trens \u00e9 uma que ecoa por todo o mapa ferrovi\u00e1rio da Europa. No sentido de que a integra\u00e7\u00e3o j\u00e1 est\u00e1 embutida na ideia de ferrovia, como se viesse automaticamente. A vantagem que os europeus possuem, portanto, ao terem sido os fundadores das linhas de trens, \u00e9 o fato de que puderam aproveitar dessa conex\u00e3o por mais tempo que os demais pa\u00edses. Como poder\u00e1 ser visto mais adiante, isso a integra\u00e7\u00e3o entre os pa\u00edses atualmente \u00e9 quase completa, vindo dessa pequena semente nascida na Inglaterra h\u00e1 quase 200 anos atr\u00e1s. Distribui\u00e7\u00e3o do mapa ferrovi\u00e1rio da Europa O que permitiu a Europa usufruir de um mapa ferrovi\u00e1rio t\u00e3o rico foi a percep\u00e7\u00e3o de que a economia poderia ser favorecida atrav\u00e9s de uma boa integra\u00e7\u00e3o. Obviamente que certos aspectos pol\u00edticos podem acabar intervindo certos pa\u00edses de terem uma integra\u00e7\u00e3o ideal, por\u00e9m ainda \u00e9 bastante presente a utiliza\u00e7\u00e3o dos trens na hora de exportar produtos. At\u00e9 porque, mesmo com as rodovias tendo tomado conta tamb\u00e9m da Europa (afinal de contas, l\u00e1 tamb\u00e9m \u00e9 o ber\u00e7o do autom\u00f3vel), n\u00e3o tem como ignorar certas oportunidades que o mapa ferrovi\u00e1rio da Europa pode oferecer. Oportunidades que envolvem a passagem estrat\u00e9gica de certos tipos de mat\u00e9ria-prima, usando de outros modais dispon\u00edveis para impulsionar e catalisar os processos de importa\u00e7\u00e3o. Como dito antes, a integra\u00e7\u00e3o com o porto sempre foi vantajosa do ponto de vista dos europeus. A rela\u00e7\u00e3o de neg\u00f3cios entre os pa\u00edses sempre criou oportunidades para o surgimento at\u00e9 mesmo de novas tecnologias. Trens de alta velocidade, bitolas adaptadas para a compatibilidade entre pa\u00edses, pontes de grande extens\u00e3o capazes de cruzar at\u00e9 mesmo o mar. Os trens na Europa est\u00e3o longe de ficar apenas no conceito tur\u00edstico. Mapa ferrovi\u00e1rio da Europa - tipos de trens Por\u00e9m, uma das melhores caracter\u00edsticas presentes nos trens da Europa, para quem pretende viajar usando eles, \u00e9 a sua diversidade. Contando com trens que podem variar pela sua efici\u00eancia, \u00e9 conveniente saber a respeito, caso algum dia surja chance de poder usar o complexo e grande mapa ferrovi\u00e1rio da Europa. Come\u00e7ando com os trens noturnos, \u00f3timos para quem pretende conhecer melhor as esta\u00e7\u00f5es europ\u00e9ias. Parte de uma longa tradi\u00e7\u00e3o, existindo no extremo Leste e Oeste do continente, esses trens servem para quem quer atravessar grandes dist\u00e2ncias, principalmente \u00e0 noite. Outro tipo similar, s\u00e3o os trens j\u00e1 citados acima, os de alta velocidade. Usados para quem pretende ver o m\u00e1ximo de coisas em um per\u00edodo de tempo otimizado, s\u00e3o bastante integrados nas capitais. Servindo praticamente como o oposto a outro tipo, o trem regional. Esse, em uma velocidade mais aconchegante e acomodadora, \u00e9 legal para quem quer fazer o famoso \u201cmochil\u00e3o\u201d, servindo de maneira a mostrar o cotidiano das pessoas que moram no interior e no cora\u00e7\u00e3o da Europa. Por \u00faltimo, para quem pretende continuar nessa atmosfera de explorar o ambiente europeu, os trens panor\u00e2micos podem acabar sendo uma op\u00e7\u00e3o adicional interessante. Adaptados para possibilitar uma vis\u00e3o externa privilegiada, eles garantem a melhor experi\u00eancia tur\u00edstica para quem pode aproveitar, pois s\u00e3o constru\u00eddos justamente para a quem \u00e9 de fora. Transporte de mercadoria pela Uni\u00e3o Europ\u00e9ia Entre todo o mapa ferrovi\u00e1rio da Europa, cerca de 75% de sua extens\u00e3o est\u00e1 dentro da Uni\u00e3o Europeia. O que \u00e9 importante a respeito desse fato, \u00e9 como ele indica a possibilidade de uma revitaliza\u00e7\u00e3o dos meios de transporte no continente, que necessitam urgentemente se adaptar aos tempos modernos. Com a consci\u00eancia de que as rodovias no mundo est\u00e3o cada vez mais lotadas, e consequentemente cada vez mais poluentes, as ferrovias t\u00eam sido avaliadas como alternativas por diversos governantes ao redor das na\u00e7\u00f5es, e com a Europa n\u00e3o \u00e9 diferente. Com leis que agora incentivam cada vez mais a retomada das ferrovias para o prop\u00f3sito de transporte de carga, a Uni\u00e3o Europeia se encontra cada vez mais perto de encontrar solu\u00e7\u00f5es para os problemas log\u00edsticos atuais. Uma das estrat\u00e9gias aplicadas tem sido utilizar do mapa ferrovi\u00e1rio da Europa para o transporte de ve\u00edculos, atrav\u00e9s de empresas como a GEFCO, que usam das caracter\u00edsticas estrat\u00e9gicas que os trens possuem, para integrar a tecnologia de softwares, com uma entrega otimizada e aperfei\u00e7oada. Conclus\u00e3o O que \u00e9 poss\u00edvel aprender com as ferrovias da Europa, \u00e9 que a sua hist\u00f3ria permanece importante at\u00e9 hoje. Carregando nas costas a responsabilidade de transportar todo tipo de carga atrav\u00e9s do continente, trens dos mais variados demonstraram a flexibilidade que um bom mapa ferrovi\u00e1rio pode ter, sobrevivendo at\u00e9 mesmo a outros tipos de avan\u00e7o tecnol\u00f3gico. Em suma, os trens s\u00e3o como uma ferramenta que nunca perdeu a sua fun\u00e7\u00e3o, que na verdade com o tempo s\u00f3 demonstrou ainda mais capacidade de assist\u00eancia \u00e0 sociedade.","protected":false},"author":1,"featured_media":0,"parent":0,"menu_order":0,"comment_status":"closed","ping_status":"closed","template":"","meta":{"footnotes":""},"class_list":["post-39","page","type-page","status-publish","hentry"],"yoast_head":"<!-- This site is optimized with the Yoast SEO plugin v24.7 - https:\/\/yoast.com\/wordpress\/plugins\/seo\/ -->\n<title>Blog - Massa - Pesagem e Automa\u00e7\u00e3o Industrial<\/title>\n<meta name=\"robots\" content=\"index, follow, max-snippet:-1, max-image-preview:large, max-video-preview:-1\" \/>\n<link rel=\"canonical\" href=\"https:\/\/massa.ind.br\/en\/blog\/\" \/>\n<meta property=\"og:locale\" content=\"en_US\" \/>\n<meta property=\"og:type\" content=\"article\" \/>\n<meta property=\"og:title\" content=\"Blog - Massa - Pesagem e Automa\u00e7\u00e3o Industrial\" \/>\n<meta property=\"og:url\" content=\"https:\/\/massa.ind.br\/en\/blog\/\" \/>\n<meta property=\"og:site_name\" content=\"Massa - Pesagem e Automa\u00e7\u00e3o Industrial\" \/>\n<meta property=\"article:modified_time\" content=\"2020-03-31T19:33:37+00:00\" \/>\n<meta name=\"twitter:card\" content=\"summary_large_image\" \/>\n<script type=\"application\/ld+json\" class=\"yoast-schema-graph\">{\"@context\":\"https:\/\/schema.org\",\"@graph\":[{\"@type\":\"WebPage\",\"@id\":\"https:\/\/massa.ind.br\/blog\/\",\"url\":\"https:\/\/massa.ind.br\/blog\/\",\"name\":\"Blog - Massa - Pesagem e Automa\u00e7\u00e3o Industrial\",\"isPartOf\":{\"@id\":\"https:\/\/massa.ind.br\/#website\"},\"datePublished\":\"2017-07-31T08:50:41+00:00\",\"dateModified\":\"2020-03-31T19:33:37+00:00\",\"breadcrumb\":{\"@id\":\"https:\/\/massa.ind.br\/blog\/#breadcrumb\"},\"inLanguage\":\"en-US\",\"potentialAction\":[{\"@type\":\"ReadAction\",\"target\":[\"https:\/\/massa.ind.br\/blog\/\"]}]},{\"@type\":\"BreadcrumbList\",\"@id\":\"https:\/\/massa.ind.br\/blog\/#breadcrumb\",\"itemListElement\":[{\"@type\":\"ListItem\",\"position\":1,\"name\":\"In\u00edcio\",\"item\":\"https:\/\/massa.ind.br\/\"},{\"@type\":\"ListItem\",\"position\":2,\"name\":\"Blog\"}]},{\"@type\":\"WebSite\",\"@id\":\"https:\/\/massa.ind.br\/#website\",\"url\":\"https:\/\/massa.ind.br\/\",\"name\":\"Massa - Pesagem e Automa\u00e7\u00e3o Industrial\",\"description\":\"S\u00f3 mais um site WordPress\",\"potentialAction\":[{\"@type\":\"SearchAction\",\"target\":{\"@type\":\"EntryPoint\",\"urlTemplate\":\"https:\/\/massa.ind.br\/?s={search_term_string}\"},\"query-input\":{\"@type\":\"PropertyValueSpecification\",\"valueRequired\":true,\"valueName\":\"search_term_string\"}}],\"inLanguage\":\"en-US\"}]}<\/script>\n<!-- \/ Yoast SEO plugin. -->","yoast_head_json":{"title":"Blog - Massa - Pesagem e Automa\u00e7\u00e3o Industrial","robots":{"index":"index","follow":"follow","max-snippet":"max-snippet:-1","max-image-preview":"max-image-preview:large","max-video-preview":"max-video-preview:-1"},"canonical":"https:\/\/massa.ind.br\/en\/blog\/","og_locale":"en_US","og_type":"article","og_title":"Blog - Massa - Pesagem e Automa\u00e7\u00e3o Industrial","og_url":"https:\/\/massa.ind.br\/en\/blog\/","og_site_name":"Massa - Pesagem e Automa\u00e7\u00e3o Industrial","article_modified_time":"2020-03-31T19:33:37+00:00","twitter_card":"summary_large_image","schema":{"@context":"https:\/\/schema.org","@graph":[{"@type":"WebPage","@id":"https:\/\/massa.ind.br\/blog\/","url":"https:\/\/massa.ind.br\/blog\/","name":"Blog - Massa - Pesagem e Automa\u00e7\u00e3o Industrial","isPartOf":{"@id":"https:\/\/massa.ind.br\/#website"},"datePublished":"2017-07-31T08:50:41+00:00","dateModified":"2020-03-31T19:33:37+00:00","breadcrumb":{"@id":"https:\/\/massa.ind.br\/blog\/#breadcrumb"},"inLanguage":"en-US","potentialAction":[{"@type":"ReadAction","target":["https:\/\/massa.ind.br\/blog\/"]}]},{"@type":"BreadcrumbList","@id":"https:\/\/massa.ind.br\/blog\/#breadcrumb","itemListElement":[{"@type":"ListItem","position":1,"name":"In\u00edcio","item":"https:\/\/massa.ind.br\/"},{"@type":"ListItem","position":2,"name":"Blog"}]},{"@type":"WebSite","@id":"https:\/\/massa.ind.br\/#website","url":"https:\/\/massa.ind.br\/","name":"Massa - Pesagem e Automa\u00e7\u00e3o Industrial","description":"S\u00f3 mais um site WordPress","potentialAction":[{"@type":"SearchAction","target":{"@type":"EntryPoint","urlTemplate":"https:\/\/massa.ind.br\/?s={search_term_string}"},"query-input":{"@type":"PropertyValueSpecification","valueRequired":true,"valueName":"search_term_string"}}],"inLanguage":"en-US"}]}},"_links":{"self":[{"href":"https:\/\/massa.ind.br\/en\/wp-json\/wp\/v2\/pages\/39","targetHints":{"allow":["GET"]}}],"collection":[{"href":"https:\/\/massa.ind.br\/en\/wp-json\/wp\/v2\/pages"}],"about":[{"href":"https:\/\/massa.ind.br\/en\/wp-json\/wp\/v2\/types\/page"}],"author":[{"embeddable":true,"href":"https:\/\/massa.ind.br\/en\/wp-json\/wp\/v2\/users\/1"}],"replies":[{"embeddable":true,"href":"https:\/\/massa.ind.br\/en\/wp-json\/wp\/v2\/comments?post=39"}],"version-history":[{"count":5,"href":"https:\/\/massa.ind.br\/en\/wp-json\/wp\/v2\/pages\/39\/revisions"}],"predecessor-version":[{"id":1642,"href":"https:\/\/massa.ind.br\/en\/wp-json\/wp\/v2\/pages\/39\/revisions\/1642"}],"wp:attachment":[{"href":"https:\/\/massa.ind.br\/en\/wp-json\/wp\/v2\/media?parent=39"}],"curies":[{"name":"wp","href":"https:\/\/api.w.org\/{rel}","templated":true}]}}